{"id":12544,"date":"2025-03-06T10:39:08","date_gmt":"2025-03-06T09:39:08","guid":{"rendered":"https:\/\/simem.com\/?page_id=12544"},"modified":"2025-03-06T10:49:42","modified_gmt":"2025-03-06T09:49:42","slug":"sd_bauma_2025","status":"publish","type":"page","link":"https:\/\/simem.com\/de\/sd_bauma_2025\/","title":{"rendered":"SIMEM_Deutschland_Bauma_2025"},"content":{"rendered":"\t\t<div data-elementor-type=\"wp-page\" data-elementor-id=\"12544\" class=\"elementor elementor-12544 elementor-12524\">\n\t\t\t\t\t\t<section class=\"elementor-section elementor-top-section elementor-element elementor-element-a842b5a elementor-section-content-middle elementor-section-boxed elementor-section-height-default elementor-section-height-default\" data-id=\"a842b5a\" data-element_type=\"section\" data-e-type=\"section\">\n\t\t\t\t\t\t<div class=\"elementor-container elementor-column-gap-default\">\n\t\t\t\t\t<div class=\"elementor-column elementor-col-100 elementor-top-column elementor-element elementor-element-5d5cbd7\" data-id=\"5d5cbd7\" data-element_type=\"column\" data-e-type=\"column\">\n\t\t\t<div class=\"elementor-widget-wrap elementor-element-populated\">\n\t\t\t\t\t\t<div class=\"elementor-element elementor-element-a7bbdee elementor-widget__width-initial elementor-widget elementor-widget-image\" data-id=\"a7bbdee\" data-element_type=\"widget\" data-e-type=\"widget\" data-widget_type=\"image.default\">\n\t\t\t\t<div class=\"elementor-widget-container\">\n\t\t\t\t\t\t\t\t\t\t\t\t\t\t\t<img fetchpriority=\"high\" decoding=\"async\" width=\"640\" height=\"267\" src=\"https:\/\/simem.com\/wp-content\/uploads\/2025\/03\/bauma_logodateyearvenue_E_rgb-768x320.png\" class=\"attachment-medium_large size-medium_large wp-image-12529\" alt=\"\" srcset=\"https:\/\/simem.com\/wp-content\/uploads\/2025\/03\/bauma_logodateyearvenue_E_rgb-768x320.png 768w, https:\/\/simem.com\/wp-content\/uploads\/2025\/03\/bauma_logodateyearvenue_E_rgb-300x125.png 300w, https:\/\/simem.com\/wp-content\/uploads\/2025\/03\/bauma_logodateyearvenue_E_rgb-1024x427.png 1024w, https:\/\/simem.com\/wp-content\/uploads\/2025\/03\/bauma_logodateyearvenue_E_rgb.png 1181w\" sizes=\"(max-width: 640px) 100vw, 640px\" \/>\t\t\t\t\t\t\t\t\t\t\t\t\t\t\t<\/div>\n\t\t\t\t<\/div>\n\t\t\t\t<div class=\"elementor-element elementor-element-269a863 elementor-widget elementor-widget-spacer\" data-id=\"269a863\" data-element_type=\"widget\" data-e-type=\"widget\" data-widget_type=\"spacer.default\">\n\t\t\t\t<div class=\"elementor-widget-container\">\n\t\t\t\t\t\t\t<div class=\"elementor-spacer\">\n\t\t\t<div class=\"elementor-spacer-inner\"><\/div>\n\t\t<\/div>\n\t\t\t\t\t\t<\/div>\n\t\t\t\t<\/div>\n\t\t\t\t<div class=\"elementor-element elementor-element-ff9d5ee elementor-widget elementor-widget-text-editor\" data-id=\"ff9d5ee\" data-element_type=\"widget\" data-e-type=\"widget\" data-widget_type=\"text-editor.default\">\n\t\t\t\t<div class=\"elementor-widget-container\">\n\t\t\t\t\t\t\t\t\t<h2><span class=\"HwtZe\" lang=\"de\"><span class=\"jCAhz ChMk0b\"><span class=\"ryNqvb\">ZWEI STANDPL\u00c4TZE&#8230;VIELE NEUIGKEITEN!<\/span><\/span><\/span><\/h2><div class=\"lRu31\" dir=\"ltr\"><span class=\"HwtZe\" lang=\"de\"><span class=\"jCAhz ChMk0b\"><span class=\"ryNqvb\">Vom 7. bis 13. April 2025 <strong>nehmen alle Unternehmen und Abteilungen der Simem-Familie an der diesj\u00e4hrigen Bauma teil.<\/strong><\/span><\/span><span class=\"jCAhz ChMk0b\"><span class=\"ryNqvb\"> Wir k\u00f6nnen es kaum erwarten, alte und neue Kunden, Partner und Besucher an unseren St\u00e4nden zu treffen, um alte Freundschaften zu best\u00e4tigen, neue zu kn\u00fcpfen und Ihnen vor allem die Neuigkeiten aus der Simem-Welt zu pr\u00e4sentieren!<\/span><\/span><span class=\"jCAhz ChMk0b\"><span class=\"ryNqvb\"> Besuchen Sie uns vom 7. bis 13. April 2025 auf der Bauma in M\u00fcnchen Kommen Sie und entdecken Sie unsere L\u00f6sungen f\u00fcr hochwertige Beton- und Fertigteilautomatisierung!<br \/><br \/><\/span><\/span><span class=\"jCAhz ChMk0b\"><span class=\"ryNqvb\"><strong>Karte der St\u00e4nde<\/strong><br \/>\u2022 Transportbeton, Stra\u00dfen und schwerer Tiefbau \u2013 <strong>SIMEM-Stand FM 709\/9<\/strong><br \/>\u2022 Fertigteilautomatisierung \u2013 <strong>SIMEMATICA -Stand C1 439<\/strong><\/span><\/span><\/span><\/div>\t\t\t\t\t\t\t\t<\/div>\n\t\t\t\t<\/div>\n\t\t\t\t<section class=\"elementor-section elementor-inner-section elementor-element elementor-element-fe8fca2 elementor-section-content-middle elementor-section-boxed elementor-section-height-default elementor-section-height-default\" data-id=\"fe8fca2\" data-element_type=\"section\" data-e-type=\"section\">\n\t\t\t\t\t\t<div class=\"elementor-container elementor-column-gap-default\">\n\t\t\t\t\t<div class=\"elementor-column elementor-col-100 elementor-inner-column elementor-element elementor-element-fa0f71c\" data-id=\"fa0f71c\" data-element_type=\"column\" data-e-type=\"column\">\n\t\t\t<div class=\"elementor-widget-wrap elementor-element-populated\">\n\t\t\t\t\t\t<div class=\"elementor-element elementor-element-6ca01a4 elementor-widget elementor-widget-image\" data-id=\"6ca01a4\" data-element_type=\"widget\" data-e-type=\"widget\" data-widget_type=\"image.default\">\n\t\t\t\t<div class=\"elementor-widget-container\">\n\t\t\t\t\t\t\t\t\t\t\t\t\t\t\t<img decoding=\"async\" width=\"640\" height=\"389\" src=\"https:\/\/simem.com\/wp-content\/uploads\/2025\/03\/Post_BAUMA_01-768x467.jpg\" class=\"attachment-medium_large size-medium_large wp-image-12534\" alt=\"\" srcset=\"https:\/\/simem.com\/wp-content\/uploads\/2025\/03\/Post_BAUMA_01-768x467.jpg 768w, https:\/\/simem.com\/wp-content\/uploads\/2025\/03\/Post_BAUMA_01-300x183.jpg 300w, https:\/\/simem.com\/wp-content\/uploads\/2025\/03\/Post_BAUMA_01-1024x623.jpg 1024w, https:\/\/simem.com\/wp-content\/uploads\/2025\/03\/Post_BAUMA_01-1536x934.jpg 1536w, https:\/\/simem.com\/wp-content\/uploads\/2025\/03\/Post_BAUMA_01.jpg 1920w\" sizes=\"(max-width: 640px) 100vw, 640px\" \/>\t\t\t\t\t\t\t\t\t\t\t\t\t\t\t<\/div>\n\t\t\t\t<\/div>\n\t\t\t\t\t<\/div>\n\t\t<\/div>\n\t\t\t\t\t<\/div>\n\t\t<\/section>\n\t\t\t\t<div class=\"elementor-element elementor-element-a8f8d97 elementor-widget elementor-widget-spacer\" data-id=\"a8f8d97\" data-element_type=\"widget\" data-e-type=\"widget\" data-widget_type=\"spacer.default\">\n\t\t\t\t<div class=\"elementor-widget-container\">\n\t\t\t\t\t\t\t<div class=\"elementor-spacer\">\n\t\t\t<div class=\"elementor-spacer-inner\"><\/div>\n\t\t<\/div>\n\t\t\t\t\t\t<\/div>\n\t\t\t\t<\/div>\n\t\t\t\t<div class=\"elementor-element elementor-element-c92645f elementor-widget elementor-widget-text-editor\" data-id=\"c92645f\" data-element_type=\"widget\" data-e-type=\"widget\" data-widget_type=\"text-editor.default\">\n\t\t\t\t<div class=\"elementor-widget-container\">\n\t\t\t\t\t\t\t\t\t<h2>SIMEM pr\u00e4sentiert seine Innovationen auf der Bauma Form 2025!<\/h2><p>Freitag 11. April von 16:30 bis 17:00<br \/>@INNOVATION HALL BAUMA LAB0<\/p><p>SIMEM l\u00e4dt alle Interessierten zur Pr\u00e4sentation unserer Innovationsprojekte f\u00fcr mehr\u00a0 Nachhaltigkeit ein.<br \/>In Zusammenarbeit mit verschiedenen Europ\u00e4ischen Universit\u00e4ten arbeiten wir an L\u00f6sungen mit denen das Bauwesen zu einer umweltfreundlichen Brache wird!<br \/><em>Die Vortr\u00e4ge werden in Englischer Sprache stattfinden<\/em><\/p>\t\t\t\t\t\t\t\t<\/div>\n\t\t\t\t<\/div>\n\t\t\t\t<div class=\"elementor-element elementor-element-eac82f1 elementor-widget elementor-widget-image\" data-id=\"eac82f1\" data-element_type=\"widget\" data-e-type=\"widget\" data-widget_type=\"image.default\">\n\t\t\t\t<div class=\"elementor-widget-container\">\n\t\t\t\t\t\t\t\t\t\t\t\t\t\t\t<img decoding=\"async\" width=\"640\" height=\"427\" src=\"https:\/\/simem.com\/wp-content\/uploads\/2025\/03\/C1367x13673410-768x512.jpg\" class=\"attachment-medium_large size-medium_large wp-image-12538\" alt=\"\" srcset=\"https:\/\/simem.com\/wp-content\/uploads\/2025\/03\/C1367x13673410-768x512.jpg 768w, https:\/\/simem.com\/wp-content\/uploads\/2025\/03\/C1367x13673410-300x200.jpg 300w, https:\/\/simem.com\/wp-content\/uploads\/2025\/03\/C1367x13673410-1024x683.jpg 1024w, https:\/\/simem.com\/wp-content\/uploads\/2025\/03\/C1367x13673410-1536x1024.jpg 1536w, https:\/\/simem.com\/wp-content\/uploads\/2025\/03\/C1367x13673410.jpg 1920w\" sizes=\"(max-width: 640px) 100vw, 640px\" \/>\t\t\t\t\t\t\t\t\t\t\t\t\t\t\t<\/div>\n\t\t\t\t<\/div>\n\t\t\t\t<div class=\"elementor-element elementor-element-88805c0 elementor-widget elementor-widget-text-editor\" data-id=\"88805c0\" data-element_type=\"widget\" data-e-type=\"widget\" data-widget_type=\"text-editor.default\">\n\t\t\t\t<div class=\"elementor-widget-container\">\n\t\t\t\t\t\t\t\t\t<p>F\u00fcr weitere Informationen oder Anfragen senden Sie uns bitte eine E-Mail an: info@simem.com<\/p>\t\t\t\t\t\t\t\t<\/div>\n\t\t\t\t<\/div>\n\t\t\t\t<div class=\"elementor-element elementor-element-67201ed elementor-widget elementor-widget-text-editor\" data-id=\"67201ed\" data-element_type=\"widget\" data-e-type=\"widget\" data-widget_type=\"text-editor.default\">\n\t\t\t\t<div class=\"elementor-widget-container\">\n\t\t\t\t\t\t\t\t\t<p>Folgen Sie uns, um \u00fcber die neuesten Aktivit\u00e4ten und Teilnahmen von Simem auf der n\u00e4chsten Bauma auf dem Laufenden zu bleiben!<\/p>\t\t\t\t\t\t\t\t<\/div>\n\t\t\t\t<\/div>\n\t\t\t\t<div class=\"elementor-element elementor-element-698cc00 e-grid-align-left elementor-shape-rounded elementor-grid-0 elementor-widget elementor-widget-social-icons\" data-id=\"698cc00\" data-element_type=\"widget\" data-e-type=\"widget\" data-widget_type=\"social-icons.default\">\n\t\t\t\t<div class=\"elementor-widget-container\">\n\t\t\t\t\t\t\t<div class=\"elementor-social-icons-wrapper elementor-grid\" role=\"list\">\n\t\t\t\t\t\t\t<span class=\"elementor-grid-item\" role=\"listitem\">\n\t\t\t\t\t<a class=\"elementor-icon elementor-social-icon elementor-social-icon-linkedin elementor-repeater-item-bfe03a9\" href=\"https:\/\/www.linkedin.com\/company\/simem-deutschland\/\" target=\"_blank\">\n\t\t\t\t\t\t<span class=\"elementor-screen-only\">Linkedin<\/span>\n\t\t\t\t\t\t<i aria-hidden=\"true\" class=\"fab fa-linkedin\"><\/i>\t\t\t\t\t<\/a>\n\t\t\t\t<\/span>\n\t\t\t\t\t\t\t<span class=\"elementor-grid-item\" role=\"listitem\">\n\t\t\t\t\t<a class=\"elementor-icon elementor-social-icon elementor-social-icon-facebook elementor-repeater-item-4dfe98d\" href=\"https:\/\/www.facebook.com\/simemgroup\/\" target=\"_blank\">\n\t\t\t\t\t\t<span class=\"elementor-screen-only\">Facebook<\/span>\n\t\t\t\t\t\t<i aria-hidden=\"true\" class=\"fab fa-facebook\"><\/i>\t\t\t\t\t<\/a>\n\t\t\t\t<\/span>\n\t\t\t\t\t\t\t<span class=\"elementor-grid-item\" role=\"listitem\">\n\t\t\t\t\t<a class=\"elementor-icon elementor-social-icon elementor-social-icon-youtube elementor-repeater-item-3c3ec4c\" href=\"https:\/\/www.youtube.com\/@simem_de\" target=\"_blank\">\n\t\t\t\t\t\t<span class=\"elementor-screen-only\">Youtube<\/span>\n\t\t\t\t\t\t<i aria-hidden=\"true\" class=\"fab fa-youtube\"><\/i>\t\t\t\t\t<\/a>\n\t\t\t\t<\/span>\n\t\t\t\t\t<\/div>\n\t\t\t\t\t\t<\/div>\n\t\t\t\t<\/div>\n\t\t\t\t\t<\/div>\n\t\t<\/div>\n\t\t\t\t\t<\/div>\n\t\t<\/section>\n\t\t\t\t<\/div>\n\t\t","protected":false},"excerpt":{"rendered":"<p>ZWEI STANDPL\u00c4TZE&#8230;VIELE NEUIGKEITEN! Vom 7. bis 13. April 2025 nehmen alle Unternehmen und Abteilungen der Simem-Familie an der diesj\u00e4hrigen Bauma teil. Wir k\u00f6nnen es kaum erwarten, alte und neue Kunden, Partner und Besucher an unseren St\u00e4nden zu treffen, um alte Freundschaften zu best\u00e4tigen, neue zu kn\u00fcpfen und Ihnen vor allem die Neuigkeiten aus der Simem-Welt [&hellip;]<\/p>\n","protected":false},"author":1,"featured_media":0,"parent":0,"menu_order":17,"comment_status":"closed","ping_status":"closed","template":"","meta":{"_acf_changed":false,"footnotes":""},"class_list":["post-12544","page","type-page","status-publish","hentry"],"acf":[],"yoast_head":"<!-- This site is optimized with the Yoast SEO plugin v27.1 - https:\/\/yoast.com\/product\/yoast-seo-wordpress\/ -->\n<title>SIMEM_Deutschland_Bauma_2025 - Simem<\/title>\n<meta name=\"robots\" content=\"index, follow, max-snippet:-1, max-image-preview:large, max-video-preview:-1\" \/>\n<link rel=\"canonical\" href=\"https:\/\/simem.com\/de\/sd_bauma_2025\/\" \/>\n<meta property=\"og:locale\" content=\"de_DE\" \/>\n<meta property=\"og:type\" content=\"article\" \/>\n<meta property=\"og:title\" content=\"SIMEM_Deutschland_Bauma_2025 - Simem\" \/>\n<meta property=\"og:description\" content=\"ZWEI STANDPL\u00c4TZE&#8230;VIELE NEUIGKEITEN! Vom 7. bis 13. April 2025 nehmen alle Unternehmen und Abteilungen der Simem-Familie an der diesj\u00e4hrigen Bauma teil. Wir k\u00f6nnen es kaum erwarten, alte und neue Kunden, Partner und Besucher an unseren St\u00e4nden zu treffen, um alte Freundschaften zu best\u00e4tigen, neue zu kn\u00fcpfen und Ihnen vor allem die Neuigkeiten aus der Simem-Welt [&hellip;]\" \/>\n<meta property=\"og:url\" content=\"https:\/\/simem.com\/de\/sd_bauma_2025\/\" \/>\n<meta property=\"og:site_name\" content=\"Simem\" \/>\n<meta property=\"article:publisher\" content=\"https:\/\/www.facebook.com\/simemgroup\" \/>\n<meta property=\"article:modified_time\" content=\"2025-03-06T09:49:42+00:00\" \/>\n<meta property=\"og:image\" content=\"https:\/\/simem.com\/wp-content\/uploads\/2025\/03\/bauma_logodateyearvenue_E_rgb.png\" \/>\n\t<meta property=\"og:image:width\" content=\"1181\" \/>\n\t<meta property=\"og:image:height\" content=\"492\" \/>\n\t<meta property=\"og:image:type\" content=\"image\/png\" \/>\n<meta name=\"twitter:card\" content=\"summary_large_image\" \/>\n<meta name=\"twitter:label1\" content=\"Gesch\u00e4tzte Lesezeit\" \/>\n\t<meta name=\"twitter:data1\" content=\"1\u00a0Minute\" \/>\n<script type=\"application\/ld+json\" class=\"yoast-schema-graph\">{\"@context\":\"https:\/\/schema.org\",\"@graph\":[{\"@type\":\"WebPage\",\"@id\":\"https:\/\/simem.com\/de\/sd_bauma_2025\/\",\"url\":\"https:\/\/simem.com\/de\/sd_bauma_2025\/\",\"name\":\"SIMEM_Deutschland_Bauma_2025 - Simem\",\"isPartOf\":{\"@id\":\"https:\/\/simem.com\/it\/#website\"},\"primaryImageOfPage\":{\"@id\":\"https:\/\/simem.com\/de\/sd_bauma_2025\/#primaryimage\"},\"image\":{\"@id\":\"https:\/\/simem.com\/de\/sd_bauma_2025\/#primaryimage\"},\"thumbnailUrl\":\"https:\/\/simem.com\/wp-content\/uploads\/2025\/03\/bauma_logodateyearvenue_E_rgb-768x320.png\",\"datePublished\":\"2025-03-06T09:39:08+00:00\",\"dateModified\":\"2025-03-06T09:49:42+00:00\",\"breadcrumb\":{\"@id\":\"https:\/\/simem.com\/de\/sd_bauma_2025\/#breadcrumb\"},\"inLanguage\":\"de\",\"potentialAction\":[{\"@type\":\"ReadAction\",\"target\":[\"https:\/\/simem.com\/de\/sd_bauma_2025\/\"]}]},{\"@type\":\"ImageObject\",\"inLanguage\":\"de\",\"@id\":\"https:\/\/simem.com\/de\/sd_bauma_2025\/#primaryimage\",\"url\":\"https:\/\/simem.com\/wp-content\/uploads\/2025\/03\/bauma_logodateyearvenue_E_rgb-768x320.png\",\"contentUrl\":\"https:\/\/simem.com\/wp-content\/uploads\/2025\/03\/bauma_logodateyearvenue_E_rgb-768x320.png\"},{\"@type\":\"BreadcrumbList\",\"@id\":\"https:\/\/simem.com\/de\/sd_bauma_2025\/#breadcrumb\",\"itemListElement\":[{\"@type\":\"ListItem\",\"position\":1,\"name\":\"Home\",\"item\":\"https:\/\/simem.com\/de\/home-de\/\"},{\"@type\":\"ListItem\",\"position\":2,\"name\":\"SIMEM_Deutschland_Bauma_2025\"}]},{\"@type\":\"WebSite\",\"@id\":\"https:\/\/simem.com\/it\/#website\",\"url\":\"https:\/\/simem.com\/it\/\",\"name\":\"Simem\",\"description\":\"Concrete future solutions\",\"publisher\":{\"@id\":\"https:\/\/simem.com\/it\/#organization\"},\"potentialAction\":[{\"@type\":\"SearchAction\",\"target\":{\"@type\":\"EntryPoint\",\"urlTemplate\":\"https:\/\/simem.com\/it\/?s={search_term_string}\"},\"query-input\":{\"@type\":\"PropertyValueSpecification\",\"valueRequired\":true,\"valueName\":\"search_term_string\"}}],\"inLanguage\":\"de\"},{\"@type\":\"Organization\",\"@id\":\"https:\/\/simem.com\/it\/#organization\",\"name\":\"Simem\",\"url\":\"https:\/\/simem.com\/it\/\",\"logo\":{\"@type\":\"ImageObject\",\"inLanguage\":\"de\",\"@id\":\"https:\/\/simem.com\/it\/#\/schema\/logo\/image\/\",\"url\":\"https:\/\/simem.com\/wp-content\/uploads\/2021\/06\/logo_aquila.png\",\"contentUrl\":\"https:\/\/simem.com\/wp-content\/uploads\/2021\/06\/logo_aquila.png\",\"width\":193,\"height\":172,\"caption\":\"Simem\"},\"image\":{\"@id\":\"https:\/\/simem.com\/it\/#\/schema\/logo\/image\/\"},\"sameAs\":[\"https:\/\/www.facebook.com\/simemgroup\",\"https:\/\/www.linkedin.com\/company\/simem-s-p-a-\/\",\"https:\/\/www.youtube.com\/user\/SimemSpa\"]}]}<\/script>\n<!-- \/ Yoast SEO plugin. -->","yoast_head_json":{"title":"SIMEM_Deutschland_Bauma_2025 - Simem","robots":{"index":"index","follow":"follow","max-snippet":"max-snippet:-1","max-image-preview":"max-image-preview:large","max-video-preview":"max-video-preview:-1"},"canonical":"https:\/\/simem.com\/de\/sd_bauma_2025\/","og_locale":"de_DE","og_type":"article","og_title":"SIMEM_Deutschland_Bauma_2025 - Simem","og_description":"ZWEI STANDPL\u00c4TZE&#8230;VIELE NEUIGKEITEN! Vom 7. bis 13. April 2025 nehmen alle Unternehmen und Abteilungen der Simem-Familie an der diesj\u00e4hrigen Bauma teil. Wir k\u00f6nnen es kaum erwarten, alte und neue Kunden, Partner und Besucher an unseren St\u00e4nden zu treffen, um alte Freundschaften zu best\u00e4tigen, neue zu kn\u00fcpfen und Ihnen vor allem die Neuigkeiten aus der Simem-Welt [&hellip;]","og_url":"https:\/\/simem.com\/de\/sd_bauma_2025\/","og_site_name":"Simem","article_publisher":"https:\/\/www.facebook.com\/simemgroup","article_modified_time":"2025-03-06T09:49:42+00:00","og_image":[{"width":1181,"height":492,"url":"https:\/\/simem.com\/wp-content\/uploads\/2025\/03\/bauma_logodateyearvenue_E_rgb.png","type":"image\/png"}],"twitter_card":"summary_large_image","twitter_misc":{"Gesch\u00e4tzte Lesezeit":"1\u00a0Minute"},"schema":{"@context":"https:\/\/schema.org","@graph":[{"@type":"WebPage","@id":"https:\/\/simem.com\/de\/sd_bauma_2025\/","url":"https:\/\/simem.com\/de\/sd_bauma_2025\/","name":"SIMEM_Deutschland_Bauma_2025 - Simem","isPartOf":{"@id":"https:\/\/simem.com\/it\/#website"},"primaryImageOfPage":{"@id":"https:\/\/simem.com\/de\/sd_bauma_2025\/#primaryimage"},"image":{"@id":"https:\/\/simem.com\/de\/sd_bauma_2025\/#primaryimage"},"thumbnailUrl":"https:\/\/simem.com\/wp-content\/uploads\/2025\/03\/bauma_logodateyearvenue_E_rgb-768x320.png","datePublished":"2025-03-06T09:39:08+00:00","dateModified":"2025-03-06T09:49:42+00:00","breadcrumb":{"@id":"https:\/\/simem.com\/de\/sd_bauma_2025\/#breadcrumb"},"inLanguage":"de","potentialAction":[{"@type":"ReadAction","target":["https:\/\/simem.com\/de\/sd_bauma_2025\/"]}]},{"@type":"ImageObject","inLanguage":"de","@id":"https:\/\/simem.com\/de\/sd_bauma_2025\/#primaryimage","url":"https:\/\/simem.com\/wp-content\/uploads\/2025\/03\/bauma_logodateyearvenue_E_rgb-768x320.png","contentUrl":"https:\/\/simem.com\/wp-content\/uploads\/2025\/03\/bauma_logodateyearvenue_E_rgb-768x320.png"},{"@type":"BreadcrumbList","@id":"https:\/\/simem.com\/de\/sd_bauma_2025\/#breadcrumb","itemListElement":[{"@type":"ListItem","position":1,"name":"Home","item":"https:\/\/simem.com\/de\/home-de\/"},{"@type":"ListItem","position":2,"name":"SIMEM_Deutschland_Bauma_2025"}]},{"@type":"WebSite","@id":"https:\/\/simem.com\/it\/#website","url":"https:\/\/simem.com\/it\/","name":"Simem","description":"Concrete future solutions","publisher":{"@id":"https:\/\/simem.com\/it\/#organization"},"potentialAction":[{"@type":"SearchAction","target":{"@type":"EntryPoint","urlTemplate":"https:\/\/simem.com\/it\/?s={search_term_string}"},"query-input":{"@type":"PropertyValueSpecification","valueRequired":true,"valueName":"search_term_string"}}],"inLanguage":"de"},{"@type":"Organization","@id":"https:\/\/simem.com\/it\/#organization","name":"Simem","url":"https:\/\/simem.com\/it\/","logo":{"@type":"ImageObject","inLanguage":"de","@id":"https:\/\/simem.com\/it\/#\/schema\/logo\/image\/","url":"https:\/\/simem.com\/wp-content\/uploads\/2021\/06\/logo_aquila.png","contentUrl":"https:\/\/simem.com\/wp-content\/uploads\/2021\/06\/logo_aquila.png","width":193,"height":172,"caption":"Simem"},"image":{"@id":"https:\/\/simem.com\/it\/#\/schema\/logo\/image\/"},"sameAs":["https:\/\/www.facebook.com\/simemgroup","https:\/\/www.linkedin.com\/company\/simem-s-p-a-\/","https:\/\/www.youtube.com\/user\/SimemSpa"]}]}},"_links":{"self":[{"href":"https:\/\/simem.com\/de\/wp-json\/wp\/v2\/pages\/12544","targetHints":{"allow":["GET"]}}],"collection":[{"href":"https:\/\/simem.com\/de\/wp-json\/wp\/v2\/pages"}],"about":[{"href":"https:\/\/simem.com\/de\/wp-json\/wp\/v2\/types\/page"}],"author":[{"embeddable":true,"href":"https:\/\/simem.com\/de\/wp-json\/wp\/v2\/users\/1"}],"replies":[{"embeddable":true,"href":"https:\/\/simem.com\/de\/wp-json\/wp\/v2\/comments?post=12544"}],"version-history":[{"count":5,"href":"https:\/\/simem.com\/de\/wp-json\/wp\/v2\/pages\/12544\/revisions"}],"predecessor-version":[{"id":12550,"href":"https:\/\/simem.com\/de\/wp-json\/wp\/v2\/pages\/12544\/revisions\/12550"}],"wp:attachment":[{"href":"https:\/\/simem.com\/de\/wp-json\/wp\/v2\/media?parent=12544"}],"curies":[{"name":"wp","href":"https:\/\/api.w.org\/{rel}","templated":true}]}}